{"id":10442,"date":"2018-09-28T00:00:00","date_gmt":"2018-09-27T21:00:00","guid":{"rendered":"https:\/\/www.verginahotelcrete.gr\/destinations\/"},"modified":"2025-10-31T13:18:30","modified_gmt":"2025-10-31T11:18:30","slug":"destinations","status":"publish","type":"page","link":"https:\/\/www.verginahotelcrete.gr\/fr\/destinations\/","title":{"rendered":"Cr\u00e8te"},"content":{"rendered":"\t\t<div data-elementor-type=\"wp-page\" data-elementor-id=\"10442\" class=\"elementor elementor-10442 elementor-1224\">\n\t\t\t\t\t\t\t\t\t<section class=\"elementor-section elementor-top-section elementor-element elementor-element-76276a3 elementor-section-full_width elementor-section-height-min-height elementor-section-items-bottom elementor-section-content-middle vh-archive-header vh-dest-header elementor-section-height-default\" data-id=\"76276a3\" data-element_type=\"section\" data-settings=\"{&quot;background_background&quot;:&quot;classic&quot;}\">\n\t\t\t\t\t\t<div class=\"elementor-container elementor-column-gap-default\">\n\t\t\t\t\t<div class=\"elementor-column elementor-col-100 elementor-top-column elementor-element elementor-element-897ba28 vh-banner-heading\" data-id=\"897ba28\" data-element_type=\"column\">\n\t\t\t<div class=\"elementor-widget-wrap elementor-element-populated\">\n\t\t\t\t\t\t\t\t<div class=\"elementor-element elementor-element-0fa195e elementor-widget elementor-widget-heading\" data-id=\"0fa195e\" data-element_type=\"widget\" data-widget_type=\"heading.default\">\n\t\t\t\t<div class=\"elementor-widget-container\">\n\t\t\t<style>\/*! elementor - v3.10.1 - 17-01-2023 *\/\n.elementor-heading-title{padding:0;margin:0;line-height:1}.elementor-widget-heading .elementor-heading-title[class*=elementor-size-]>a{color:inherit;font-size:inherit;line-height:inherit}.elementor-widget-heading .elementor-heading-title.elementor-size-small{font-size:15px}.elementor-widget-heading .elementor-heading-title.elementor-size-medium{font-size:19px}.elementor-widget-heading .elementor-heading-title.elementor-size-large{font-size:29px}.elementor-widget-heading .elementor-heading-title.elementor-size-xl{font-size:39px}.elementor-widget-heading .elementor-heading-title.elementor-size-xxl{font-size:59px}<\/style><h1 class=\"elementor-heading-title elementor-size-default\">Cr\u00e8te<\/h1>\t\t<\/div>\n\t\t\t\t<\/div>\n\t\t\t\t\t<\/div>\n\t\t<\/div>\n\t\t\t\t\t\t\t<\/div>\n\t\t<\/section>\n\t\t\t\t<section class=\"elementor-section elementor-top-section elementor-element elementor-element-fc16ddb elementor-section-content-top elementor-reverse-tablet elementor-reverse-mobile elementor-section-boxed elementor-section-height-default elementor-section-height-default\" data-id=\"fc16ddb\" data-element_type=\"section\">\n\t\t\t\t\t\t<div class=\"elementor-container elementor-column-gap-no\">\n\t\t\t\t\t<div class=\"elementor-column elementor-col-50 elementor-top-column elementor-element elementor-element-55ff1f5 vh-dest-txt-col\" data-id=\"55ff1f5\" data-element_type=\"column\">\n\t\t\t<div class=\"elementor-widget-wrap elementor-element-populated\">\n\t\t\t\t\t\t\t\t<div class=\"elementor-element elementor-element-299428c elementor-widget elementor-widget-heading\" data-id=\"299428c\" data-element_type=\"widget\" data-widget_type=\"heading.default\">\n\t\t\t\t<div class=\"elementor-widget-container\">\n\t\t\t<h2 class=\"elementor-heading-title elementor-size-default\">Elafonissi<\/h2>\t\t<\/div>\n\t\t\t\t<\/div>\n\t\t\t\t<div class=\"elementor-element elementor-element-3558573 vh-dest-txt elementor-widget elementor-widget-text-editor\" data-id=\"3558573\" data-element_type=\"widget\" data-widget_type=\"text-editor.default\">\n\t\t\t\t<div class=\"elementor-widget-container\">\n\t\t\t<style>\/*! elementor - v3.10.1 - 17-01-2023 *\/\n.elementor-widget-text-editor.elementor-drop-cap-view-stacked .elementor-drop-cap{background-color:#818a91;color:#fff}.elementor-widget-text-editor.elementor-drop-cap-view-framed .elementor-drop-cap{color:#818a91;border:3px solid;background-color:transparent}.elementor-widget-text-editor:not(.elementor-drop-cap-view-default) .elementor-drop-cap{margin-top:8px}.elementor-widget-text-editor:not(.elementor-drop-cap-view-default) .elementor-drop-cap-letter{width:1em;height:1em}.elementor-widget-text-editor .elementor-drop-cap{float:left;text-align:center;line-height:1;font-size:50px}.elementor-widget-text-editor .elementor-drop-cap-letter{display:inline-block}<\/style>\t\t\t\t<p>Cette merveille de la nature est situ\u00e9e dans le coin sud-ouest de La Can\u00e9e. Elle se situe entre une \u00eele et une p\u00e9ninsule, car pour l\u2019atteindre, il faut marcher dans l\u2019eau. C\u2019est un lieu d\u2019une beaut\u00e9 naturelle particuli\u00e8re et une zone prot\u00e9g\u00e9e par Natura. Elafonissi est connue comme un endroit sp\u00e9cial et exotique en raison de ses petits \u00eelots, de son sable blanc tr\u00e8s fin qui devient rose \u00e0 plusieurs endroits et de sa lagune aux eaux turquoise peu profondes. Le fameux sable rose provient de la poussi\u00e8re de coquillages bris\u00e9s. En s\u2019approchant, la route descend et la r\u00e9gion devient visible de loin, comme une oasis dans un d\u00e9sert. Vous verrez les couleurs bleues et turquoise de la mer, le sable blanc et rose, et les c\u00e8dres \u00e9pars.<\/p>\t\t\t\t\t\t<\/div>\n\t\t\t\t<\/div>\n\t\t\t\t\t<\/div>\n\t\t<\/div>\n\t\t\t\t<div class=\"elementor-column elementor-col-50 elementor-top-column elementor-element elementor-element-5974d47\" data-id=\"5974d47\" data-element_type=\"column\">\n\t\t\t<div class=\"elementor-widget-wrap elementor-element-populated\">\n\t\t\t\t\t\t\t\t<div class=\"elementor-element elementor-element-5e54d16 vh-dest-img elementor-widget elementor-widget-image\" data-id=\"5e54d16\" data-element_type=\"widget\" data-widget_type=\"image.default\">\n\t\t\t\t<div class=\"elementor-widget-container\">\n\t\t\t<style>\/*! elementor - v3.10.1 - 17-01-2023 *\/\n.elementor-widget-image{text-align:center}.elementor-widget-image a{display:inline-block}.elementor-widget-image a img[src$=\".svg\"]{width:48px}.elementor-widget-image img{vertical-align:middle;display:inline-block}<\/style>\t\t\t\t\t\t\t\t\t\t\t\t<img loading=\"lazy\" decoding=\"async\" width=\"800\" height=\"522\" src=\"https:\/\/www.verginahotelcrete.gr\/wp-content\/uploads\/2023\/02\/velafonisi.jpg\" class=\"attachment-large size-large wp-image-9494\" alt=\"\" srcset=\"https:\/\/www.verginahotelcrete.gr\/wp-content\/uploads\/2023\/02\/velafonisi.jpg 950w, https:\/\/www.verginahotelcrete.gr\/wp-content\/uploads\/2023\/02\/velafonisi-300x196.jpg 300w, https:\/\/www.verginahotelcrete.gr\/wp-content\/uploads\/2023\/02\/velafonisi-768x501.jpg 768w\" sizes=\"auto, (max-width: 800px) 100vw, 800px\" \/>\t\t\t\t\t\t\t\t\t\t\t\t\t\t\t<\/div>\n\t\t\t\t<\/div>\n\t\t\t\t\t<\/div>\n\t\t<\/div>\n\t\t\t\t\t\t\t<\/div>\n\t\t<\/section>\n\t\t\t\t<section class=\"elementor-section elementor-top-section elementor-element elementor-element-32c3d28 elementor-section-content-top elementor-section-boxed elementor-section-height-default elementor-section-height-default\" data-id=\"32c3d28\" data-element_type=\"section\">\n\t\t\t\t\t\t<div class=\"elementor-container elementor-column-gap-no\">\n\t\t\t\t\t<div class=\"elementor-column elementor-col-50 elementor-top-column elementor-element elementor-element-d46c7a6\" data-id=\"d46c7a6\" data-element_type=\"column\">\n\t\t\t<div class=\"elementor-widget-wrap elementor-element-populated\">\n\t\t\t\t\t\t\t\t<div class=\"elementor-element elementor-element-960ac8e vh-dest-img elementor-widget elementor-widget-image\" data-id=\"960ac8e\" data-element_type=\"widget\" data-widget_type=\"image.default\">\n\t\t\t\t<div class=\"elementor-widget-container\">\n\t\t\t\t\t\t\t\t\t\t\t\t\t\t\t<img loading=\"lazy\" decoding=\"async\" width=\"800\" height=\"522\" src=\"https:\/\/www.verginahotelcrete.gr\/wp-content\/uploads\/2023\/02\/vbalos.jpg\" class=\"attachment-large size-large wp-image-9490\" alt=\"\" srcset=\"https:\/\/www.verginahotelcrete.gr\/wp-content\/uploads\/2023\/02\/vbalos.jpg 950w, https:\/\/www.verginahotelcrete.gr\/wp-content\/uploads\/2023\/02\/vbalos-300x196.jpg 300w, https:\/\/www.verginahotelcrete.gr\/wp-content\/uploads\/2023\/02\/vbalos-768x501.jpg 768w\" sizes=\"auto, (max-width: 800px) 100vw, 800px\" \/>\t\t\t\t\t\t\t\t\t\t\t\t\t\t\t<\/div>\n\t\t\t\t<\/div>\n\t\t\t\t\t<\/div>\n\t\t<\/div>\n\t\t\t\t<div class=\"elementor-column elementor-col-50 elementor-top-column elementor-element elementor-element-b410731 vh-dest-txt-col\" data-id=\"b410731\" data-element_type=\"column\">\n\t\t\t<div class=\"elementor-widget-wrap elementor-element-populated\">\n\t\t\t\t\t\t\t\t<div class=\"elementor-element elementor-element-d2ecb4a elementor-widget elementor-widget-heading\" data-id=\"d2ecb4a\" data-element_type=\"widget\" data-widget_type=\"heading.default\">\n\t\t\t\t<div class=\"elementor-widget-container\">\n\t\t\t<h2 class=\"elementor-heading-title elementor-size-default\">balos<\/h2>\t\t<\/div>\n\t\t\t\t<\/div>\n\t\t\t\t<div class=\"elementor-element elementor-element-34b6a2a vh-dest-txt elementor-widget elementor-widget-text-editor\" data-id=\"34b6a2a\" data-element_type=\"widget\" data-widget_type=\"text-editor.default\">\n\t\t\t\t<div class=\"elementor-widget-container\">\n\t\t\t\t\t\t\tLa c\u00e9l\u00e8bre lagune de Balos est situ\u00e9e \u00e0 environ 56\u00a0km au nord-ouest de La Can\u00e9e et \u00e0 17\u00a0km au nord-ouest de Kissamos. Il s\u2019agit d\u2019une plage de sable peu profonde form\u00e9e entre la p\u00e9ninsule de Gramvousa et le petit cap de Tigani, sous l\u2019imposante montagne de Geroskinou. Balos est certainement la plage la plus photographi\u00e9e de Cr\u00e8te, un th\u00e8me tr\u00e8s appr\u00e9ci\u00e9 de tous les guides touristiques de Gr\u00e8ce. Elle est c\u00e9l\u00e8bre pour ses eaux turquoise, sa beaut\u00e9 naturelle sauvage et ses paysages exotiques. Balos a du sable blanc et des eaux exotiques blanches, bleu-vert et turquoise. La mer est tr\u00e8s peu profonde et chaude, ce qui en fait une destination id\u00e9ale pour les jeunes enfants. Dans de nombreux endroits, le sable a une belle couleur rose, provenant des coquillages bris\u00e9s. Au-del\u00e0 des rochers, les eaux sont plus profondes et plus fra\u00eeches, id\u00e9ales pour la plong\u00e9e. Comme la r\u00e9gion environnante, Balos fait partie du programme de protection Natura, avec des esp\u00e8ces rares de flore et de faune.\t\t\t\t\t\t<\/div>\n\t\t\t\t<\/div>\n\t\t\t\t\t<\/div>\n\t\t<\/div>\n\t\t\t\t\t\t\t<\/div>\n\t\t<\/section>\n\t\t\t\t<section class=\"elementor-section elementor-top-section elementor-element elementor-element-09d5de6 elementor-section-content-top elementor-reverse-tablet elementor-reverse-mobile elementor-section-boxed elementor-section-height-default elementor-section-height-default\" data-id=\"09d5de6\" data-element_type=\"section\">\n\t\t\t\t\t\t<div class=\"elementor-container elementor-column-gap-no\">\n\t\t\t\t\t<div class=\"elementor-column elementor-col-50 elementor-top-column elementor-element elementor-element-bd584b6 vh-dest-txt-col\" data-id=\"bd584b6\" data-element_type=\"column\">\n\t\t\t<div class=\"elementor-widget-wrap elementor-element-populated\">\n\t\t\t\t\t\t\t\t<div class=\"elementor-element elementor-element-65aeafa elementor-widget elementor-widget-heading\" data-id=\"65aeafa\" data-element_type=\"widget\" data-widget_type=\"heading.default\">\n\t\t\t\t<div class=\"elementor-widget-container\">\n\t\t\t<h2 class=\"elementor-heading-title elementor-size-default\">FORTERESSE DE FIRKAS<\/h2>\t\t<\/div>\n\t\t\t\t<\/div>\n\t\t\t\t<div class=\"elementor-element elementor-element-09d82ba vh-dest-txt elementor-widget elementor-widget-text-editor\" data-id=\"09d82ba\" data-element_type=\"widget\" data-widget_type=\"text-editor.default\">\n\t\t\t\t<div class=\"elementor-widget-container\">\n\t\t\t\t\t\t\tSur le c\u00f4t\u00e9 nord-ouest du port v\u00e9nitien de La Can\u00e9e, les V\u00e9nitiens ont construit le Revellino del Porto, un projet de fortification destin\u00e9 \u00e0 prot\u00e9ger le port. Sa construction a d\u00e9but\u00e9 vers le milieu du XVIe si\u00e8cle et s\u2019est achev\u00e9e quelques ann\u00e9es avant que la ville ne tombe sous l\u2019occupation turque en 1645. En cas de si\u00e8ge, une \u00e9paisse cha\u00eene fermait le port depuis Firka jusqu\u2019\u00e0 la base du phare situ\u00e9 \u00e0 l\u2019autre extr\u00e9mit\u00e9 de l\u2019entr\u00e9e du port. Les V\u00e9nitiens appel\u00e8rent la forteresse Revellino, tandis que les Turcs l\u2019utilis\u00e8rent principalement comme caserne, appel\u00e9e firka en turc. \u00c0 l\u2019int\u00e9rieur, le site \u00e9tait form\u00e9 de b\u00e2timents appropri\u00e9s, de casernes et d\u2019entrep\u00f4ts de mat\u00e9riel de guerre. C\u2019\u00e9tait aussi le si\u00e8ge du commandant militaire de la ville. Au milieu de la cour, il y a un grand bassin vo\u00fbt\u00e9 qui recueillait l\u2019eau de pluie des toits. Le c\u00f4t\u00e9 nord de Revellino occupe le complexe de six d\u00f4mes cons\u00e9cutifs dans lesquels se trouvaient les grandes casemates, une dans chaque d\u00f4me, sp\u00e9cialement con\u00e7u pour que la canonnade couvre l\u2019entr\u00e9e du port.\t\t\t\t\t\t<\/div>\n\t\t\t\t<\/div>\n\t\t\t\t\t<\/div>\n\t\t<\/div>\n\t\t\t\t<div class=\"elementor-column elementor-col-50 elementor-top-column elementor-element elementor-element-0be27ac\" data-id=\"0be27ac\" data-element_type=\"column\">\n\t\t\t<div class=\"elementor-widget-wrap elementor-element-populated\">\n\t\t\t\t\t\t\t\t<div class=\"elementor-element elementor-element-3fa9a87 vh-dest-img elementor-widget elementor-widget-image\" data-id=\"3fa9a87\" data-element_type=\"widget\" data-widget_type=\"image.default\">\n\t\t\t\t<div class=\"elementor-widget-container\">\n\t\t\t\t\t\t\t\t\t\t\t\t\t\t\t<img loading=\"lazy\" decoding=\"async\" width=\"800\" height=\"522\" src=\"https:\/\/www.verginahotelcrete.gr\/wp-content\/uploads\/2023\/02\/vfirkas.jpg\" class=\"attachment-large size-large wp-image-9500\" alt=\"\" srcset=\"https:\/\/www.verginahotelcrete.gr\/wp-content\/uploads\/2023\/02\/vfirkas.jpg 950w, https:\/\/www.verginahotelcrete.gr\/wp-content\/uploads\/2023\/02\/vfirkas-300x196.jpg 300w, https:\/\/www.verginahotelcrete.gr\/wp-content\/uploads\/2023\/02\/vfirkas-768x501.jpg 768w\" sizes=\"auto, (max-width: 800px) 100vw, 800px\" \/>\t\t\t\t\t\t\t\t\t\t\t\t\t\t\t<\/div>\n\t\t\t\t<\/div>\n\t\t\t\t\t<\/div>\n\t\t<\/div>\n\t\t\t\t\t\t\t<\/div>\n\t\t<\/section>\n\t\t\t\t<section class=\"elementor-section elementor-top-section elementor-element elementor-element-75d51d8 elementor-section-content-top elementor-section-boxed elementor-section-height-default elementor-section-height-default\" data-id=\"75d51d8\" data-element_type=\"section\">\n\t\t\t\t\t\t<div class=\"elementor-container elementor-column-gap-no\">\n\t\t\t\t\t<div class=\"elementor-column elementor-col-50 elementor-top-column elementor-element elementor-element-ee521c9\" data-id=\"ee521c9\" data-element_type=\"column\">\n\t\t\t<div class=\"elementor-widget-wrap elementor-element-populated\">\n\t\t\t\t\t\t\t\t<div class=\"elementor-element elementor-element-d508c29 vh-dest-img elementor-widget elementor-widget-image\" data-id=\"d508c29\" data-element_type=\"widget\" data-widget_type=\"image.default\">\n\t\t\t\t<div class=\"elementor-widget-container\">\n\t\t\t\t\t\t\t\t\t\t\t\t\t\t\t<img loading=\"lazy\" decoding=\"async\" width=\"800\" height=\"522\" src=\"https:\/\/www.verginahotelcrete.gr\/wp-content\/uploads\/2023\/02\/vfaros.jpg\" class=\"attachment-large size-large wp-image-9498\" alt=\"\" srcset=\"https:\/\/www.verginahotelcrete.gr\/wp-content\/uploads\/2023\/02\/vfaros.jpg 950w, https:\/\/www.verginahotelcrete.gr\/wp-content\/uploads\/2023\/02\/vfaros-300x196.jpg 300w, https:\/\/www.verginahotelcrete.gr\/wp-content\/uploads\/2023\/02\/vfaros-768x501.jpg 768w\" sizes=\"auto, (max-width: 800px) 100vw, 800px\" \/>\t\t\t\t\t\t\t\t\t\t\t\t\t\t\t<\/div>\n\t\t\t\t<\/div>\n\t\t\t\t\t<\/div>\n\t\t<\/div>\n\t\t\t\t<div class=\"elementor-column elementor-col-50 elementor-top-column elementor-element elementor-element-9be8714 vh-dest-txt-col\" data-id=\"9be8714\" data-element_type=\"column\">\n\t\t\t<div class=\"elementor-widget-wrap elementor-element-populated\">\n\t\t\t\t\t\t\t\t<div class=\"elementor-element elementor-element-17f804b elementor-widget elementor-widget-heading\" data-id=\"17f804b\" data-element_type=\"widget\" data-widget_type=\"heading.default\">\n\t\t\t\t<div class=\"elementor-widget-container\">\n\t\t\t<h2 class=\"elementor-heading-title elementor-size-default\">FAROS - PHARE<\/h2>\t\t<\/div>\n\t\t\t\t<\/div>\n\t\t\t\t<div class=\"elementor-element elementor-element-9a56ae2 vh-dest-txt elementor-widget elementor-widget-text-editor\" data-id=\"9a56ae2\" data-element_type=\"widget\" data-widget_type=\"text-editor.default\">\n\t\t\t\t<div class=\"elementor-widget-container\">\n\t\t\t\t\t\t\tDepuis plus de cinq si\u00e8cles, le phare du vieux port de La Can\u00e9e se dresse fi\u00e8rement et domine la r\u00e9gion. Le phare est devenu un point de rep\u00e8re de La Can\u00e9e reconnu dans le monde entier. Son histoire est li\u00e9e \u00e0 celle du port. En 1212, les V\u00e9nitiens ont conquis toute la Cr\u00e8te et ont d\u00e9cid\u00e9 de construire une nouvelle ville sur l\u2019ancienne Kydonia (l\u2019actuelle La Can\u00e9e). Le port n\u2019est pas enti\u00e8rement naturel. Sa construction a commenc\u00e9 entre 1320 et 1356 av. J.-C. et les travaux se sont poursuivis pendant les 200 ann\u00e9es suivantes. C\u2019est la raison pour laquelle le phare a \u00e9t\u00e9 construit sous une forme diff\u00e9rente de celle d\u2019aujourd\u2019hui. De 1645 \u00e0 1830, la Cr\u00e8te \u00e9tait sous l\u2019occupation turque. Ils n\u2019utilisaient pas le port de Chania, mais celui de Souda. Au fil des ans, le phare a donc commenc\u00e9 \u00e0 se d\u00e9grader, car personne ne s\u2019occupait de son entretien. En 1830, les Anglais ont c\u00e9d\u00e9 la Cr\u00e8te aux \u00c9gyptiens. De nombreux travaux publics ont alors \u00e9t\u00e9 entrepris. Le phare a \u00e9t\u00e9 r\u00e9par\u00e9 sur sa base d\u2019origine. Mais le nouveau phare est diff\u00e9rent de l\u2019ancien\u2009; il ressemble davantage \u00e0 un minaret. Il poss\u00e8de un escalier int\u00e9rieur menant \u00e0 un balcon avec une tourelle en verre. Les r\u00e9centes recherches effectu\u00e9es pour remplacer le phare ont montr\u00e9 que la base du phare, qui est v\u00e9nitienne, est s\u00e9par\u00e9e du reste du phare par une grille en bois.\t\t\t\t\t\t<\/div>\n\t\t\t\t<\/div>\n\t\t\t\t\t<\/div>\n\t\t<\/div>\n\t\t\t\t\t\t\t<\/div>\n\t\t<\/section>\n\t\t\t\t<section class=\"elementor-section elementor-top-section elementor-element elementor-element-a498a4d elementor-section-content-top elementor-reverse-tablet elementor-reverse-mobile elementor-section-boxed elementor-section-height-default elementor-section-height-default\" data-id=\"a498a4d\" data-element_type=\"section\">\n\t\t\t\t\t\t<div class=\"elementor-container elementor-column-gap-no\">\n\t\t\t\t\t<div class=\"elementor-column elementor-col-50 elementor-top-column elementor-element elementor-element-a48b3cd vh-dest-txt-col\" data-id=\"a48b3cd\" data-element_type=\"column\">\n\t\t\t<div class=\"elementor-widget-wrap elementor-element-populated\">\n\t\t\t\t\t\t\t\t<div class=\"elementor-element elementor-element-75c12ee elementor-widget elementor-widget-heading\" data-id=\"75c12ee\" data-element_type=\"widget\" data-widget_type=\"heading.default\">\n\t\t\t\t<div class=\"elementor-widget-container\">\n\t\t\t<h2 class=\"elementor-heading-title elementor-size-default\">Falassarna<\/h2>\t\t<\/div>\n\t\t\t\t<\/div>\n\t\t\t\t<div class=\"elementor-element elementor-element-46ee312 vh-dest-txt elementor-widget elementor-widget-text-editor\" data-id=\"46ee312\" data-element_type=\"widget\" data-widget_type=\"text-editor.default\">\n\t\t\t\t<div class=\"elementor-widget-container\">\n\t\t\t\t\t\t\tLa plage enchanteresse de Falassarna se trouve \u00e0 59\u00a0km \u00e0 l\u2019ouest de La Can\u00e9e et \u00e0 17\u00a0km \u00e0 l\u2019ouest de Kissamos, dans la partie occidentale de la p\u00e9ninsule de Gramvousa. \u00c0 l\u2019extr\u00e9mit\u00e9 nord de la plage se trouvent les ruines de la ville gr\u00e9co-romaine de Falassarna. Falassarna est l\u2019une des plages les plus c\u00e9l\u00e8bres de Gr\u00e8ce, puisqu\u2019elle a \u00e9t\u00e9 r\u00e9compens\u00e9e par le pass\u00e9 comme la meilleure plage de Cr\u00e8te et l\u2019une des 10 meilleures plages d\u2019Europe. Elle s\u2019\u00e9tend sur une tr\u00e8s grande superficie et se compose essentiellement de 5 plages cons\u00e9cutives, les deux plus centrales \u00e9tant les plus appr\u00e9ci\u00e9es.\nLe sable est clair, donnant \u00e0 l\u2019eau une couleur tropicale. En effet, si vous avez de la chance et que vous arrivez un jour o\u00f9 le vent ne souffle pas de l\u2019ouest, ce qui est assez rare en Cr\u00e8te occidentale en \u00e9t\u00e9, vous serez enchant\u00e9 par la mer et ses eaux bleu vert. La plage principale de Falassarna s\u2019appelle Pachia Ammos et c\u2019est une grande plage de sable exotique d\u2019une longueur de 1\u00a0km. On y trouve des parasols et quelques rafra\u00eechissements que l\u2019on peut acheter\t\t\t\t\t\t<\/div>\n\t\t\t\t<\/div>\n\t\t\t\t\t<\/div>\n\t\t<\/div>\n\t\t\t\t<div class=\"elementor-column elementor-col-50 elementor-top-column elementor-element elementor-element-ee9d2db\" data-id=\"ee9d2db\" data-element_type=\"column\">\n\t\t\t<div class=\"elementor-widget-wrap elementor-element-populated\">\n\t\t\t\t\t\t\t\t<div class=\"elementor-element elementor-element-d5e228f vh-dest-img elementor-widget elementor-widget-image\" data-id=\"d5e228f\" data-element_type=\"widget\" data-widget_type=\"image.default\">\n\t\t\t\t<div class=\"elementor-widget-container\">\n\t\t\t\t\t\t\t\t\t\t\t\t\t\t\t<img loading=\"lazy\" decoding=\"async\" width=\"800\" height=\"522\" src=\"https:\/\/www.verginahotelcrete.gr\/wp-content\/uploads\/2023\/02\/vfalasarna.jpg\" class=\"attachment-large size-large wp-image-9496\" alt=\"\" srcset=\"https:\/\/www.verginahotelcrete.gr\/wp-content\/uploads\/2023\/02\/vfalasarna.jpg 950w, https:\/\/www.verginahotelcrete.gr\/wp-content\/uploads\/2023\/02\/vfalasarna-300x196.jpg 300w, https:\/\/www.verginahotelcrete.gr\/wp-content\/uploads\/2023\/02\/vfalasarna-768x501.jpg 768w\" sizes=\"auto, (max-width: 800px) 100vw, 800px\" \/>\t\t\t\t\t\t\t\t\t\t\t\t\t\t\t<\/div>\n\t\t\t\t<\/div>\n\t\t\t\t\t<\/div>\n\t\t<\/div>\n\t\t\t\t\t\t\t<\/div>\n\t\t<\/section>\n\t\t\t\t<section class=\"elementor-section elementor-top-section elementor-element elementor-element-9ba00af elementor-section-content-top elementor-hidden-desktop elementor-hidden-laptop elementor-hidden-tablet elementor-hidden-mobile elementor-section-boxed elementor-section-height-default elementor-section-height-default\" data-id=\"9ba00af\" data-element_type=\"section\">\n\t\t\t\t\t\t<div class=\"elementor-container elementor-column-gap-no\">\n\t\t\t\t\t<div class=\"elementor-column elementor-col-50 elementor-top-column elementor-element elementor-element-efeb516\" data-id=\"efeb516\" data-element_type=\"column\">\n\t\t\t<div class=\"elementor-widget-wrap elementor-element-populated\">\n\t\t\t\t\t\t\t\t<div class=\"elementor-element elementor-element-bca9ff9 vh-dest-img elementor-widget elementor-widget-image\" data-id=\"bca9ff9\" data-element_type=\"widget\" data-widget_type=\"image.default\">\n\t\t\t\t<div class=\"elementor-widget-container\">\n\t\t\t\t\t\t\t\t\t\t\t\t\t\t\t<img loading=\"lazy\" decoding=\"async\" width=\"800\" height=\"522\" src=\"https:\/\/www.verginahotelcrete.gr\/wp-content\/uploads\/2023\/02\/vagora.jpg\" class=\"attachment-large size-large wp-image-9488\" alt=\"\" srcset=\"https:\/\/www.verginahotelcrete.gr\/wp-content\/uploads\/2023\/02\/vagora.jpg 950w, https:\/\/www.verginahotelcrete.gr\/wp-content\/uploads\/2023\/02\/vagora-300x196.jpg 300w, https:\/\/www.verginahotelcrete.gr\/wp-content\/uploads\/2023\/02\/vagora-768x501.jpg 768w\" sizes=\"auto, (max-width: 800px) 100vw, 800px\" \/>\t\t\t\t\t\t\t\t\t\t\t\t\t\t\t<\/div>\n\t\t\t\t<\/div>\n\t\t\t\t\t<\/div>\n\t\t<\/div>\n\t\t\t\t<div class=\"elementor-column elementor-col-50 elementor-top-column elementor-element elementor-element-ffb0f15 vh-dest-txt-col\" data-id=\"ffb0f15\" data-element_type=\"column\">\n\t\t\t<div class=\"elementor-widget-wrap elementor-element-populated\">\n\t\t\t\t\t\t\t\t<div class=\"elementor-element elementor-element-9c5c47b elementor-widget elementor-widget-heading\" data-id=\"9c5c47b\" data-element_type=\"widget\" data-widget_type=\"heading.default\">\n\t\t\t\t<div class=\"elementor-widget-container\">\n\t\t\t<h2 class=\"elementor-heading-title elementor-size-default\">agora<\/h2>\t\t<\/div>\n\t\t\t\t<\/div>\n\t\t\t\t<div class=\"elementor-element elementor-element-335e1ca vh-dest-txt elementor-widget elementor-widget-text-editor\" data-id=\"335e1ca\" data-element_type=\"widget\" data-widget_type=\"text-editor.default\">\n\t\t\t\t<div class=\"elementor-widget-container\">\n\t\t\t\t\t\t\t<p>The Municipal Market is located in the center of Chania at the place where used to be the main bastion of the fortifications on Venetian domination. By the middle and end of the 19th century, here was the edge of the city. A variety of different shops had been flourishing in the area, like butcher shops, fish shops, vegetable shops, haystacks, etc. As we would say in modern terms, here was the open-air folk market where the villagers brought their products to sell them.<br \/>The image they presented was not very appealing, hence the municipality of Chania decided in 1908 to spruce up the area by building a municipal market. Designed by the local engineer Drandakis, following the model of the Marseilles covered market, the construction of the cross shaped building began in 1911.<br \/>The municipal market was built where the Venetian bastion Piatta Forma was located. Of course, this was preceded by the demolition of a large part of the Venetian walls as part of the modernization and development of the city. The measures for the protection of Byzantine and Venetian fortifications were introduced much later in the 1960s.<br \/>The Municipal Market was inaugurated in 1913 by Eleftherios Venizelos. It has the shape of a cross and has four doors, one in each wing, closing to provide security to the shops housed here. It is an architectural gem for Chania and is one of the most impressive buildings in the Balkan space.<br \/><a href=\"http:\/\/www.explorecrete.com\/chania\/GR-chania-01-public-market.html\">source<\/a><\/p>\t\t\t\t\t\t<\/div>\n\t\t\t\t<\/div>\n\t\t\t\t\t<\/div>\n\t\t<\/div>\n\t\t\t\t\t\t\t<\/div>\n\t\t<\/section>\n\t\t\t\t<section class=\"elementor-section elementor-top-section elementor-element elementor-element-33b8d1e elementor-section-content-top elementor-section-boxed elementor-section-height-default elementor-section-height-default\" data-id=\"33b8d1e\" data-element_type=\"section\">\n\t\t\t\t\t\t<div class=\"elementor-container elementor-column-gap-no\">\n\t\t\t\t\t<div class=\"elementor-column elementor-col-50 elementor-top-column elementor-element elementor-element-d79cd20\" data-id=\"d79cd20\" data-element_type=\"column\">\n\t\t\t<div class=\"elementor-widget-wrap elementor-element-populated\">\n\t\t\t\t\t\t\t\t<div class=\"elementor-element elementor-element-74f4932 vh-dest-img elementor-widget elementor-widget-image\" data-id=\"74f4932\" data-element_type=\"widget\" data-widget_type=\"image.default\">\n\t\t\t\t<div class=\"elementor-widget-container\">\n\t\t\t\t\t\t\t\t\t\t\t\t\t\t\t<img loading=\"lazy\" decoding=\"async\" width=\"800\" height=\"522\" src=\"https:\/\/www.verginahotelcrete.gr\/wp-content\/uploads\/2023\/02\/vkournas.jpg\" class=\"attachment-large size-large wp-image-9504\" alt=\"\" srcset=\"https:\/\/www.verginahotelcrete.gr\/wp-content\/uploads\/2023\/02\/vkournas.jpg 950w, https:\/\/www.verginahotelcrete.gr\/wp-content\/uploads\/2023\/02\/vkournas-300x196.jpg 300w, https:\/\/www.verginahotelcrete.gr\/wp-content\/uploads\/2023\/02\/vkournas-768x501.jpg 768w\" sizes=\"auto, (max-width: 800px) 100vw, 800px\" \/>\t\t\t\t\t\t\t\t\t\t\t\t\t\t\t<\/div>\n\t\t\t\t<\/div>\n\t\t\t\t\t<\/div>\n\t\t<\/div>\n\t\t\t\t<div class=\"elementor-column elementor-col-50 elementor-top-column elementor-element elementor-element-02aa074 vh-dest-txt-col\" data-id=\"02aa074\" data-element_type=\"column\">\n\t\t\t<div class=\"elementor-widget-wrap elementor-element-populated\">\n\t\t\t\t\t\t\t\t<div class=\"elementor-element elementor-element-8e12c9f elementor-widget elementor-widget-heading\" data-id=\"8e12c9f\" data-element_type=\"widget\" data-widget_type=\"heading.default\">\n\t\t\t\t<div class=\"elementor-widget-container\">\n\t\t\t<h2 class=\"elementor-heading-title elementor-size-default\">LAC KOURNAS<\/h2>\t\t<\/div>\n\t\t\t\t<\/div>\n\t\t\t\t<div class=\"elementor-element elementor-element-52a8d3b vh-dest-txt elementor-widget elementor-widget-text-editor\" data-id=\"52a8d3b\" data-element_type=\"widget\" data-widget_type=\"text-editor.default\">\n\t\t\t\t<div class=\"elementor-widget-container\">\n\t\t\t\t\t\t\tLe lac Kournas est en fait le seul grand lac naturel de Cr\u00e8te et est situ\u00e9 dans un paysage enchanteur, entour\u00e9 de hautes montagnes et d\u2019oliveraies. Il est situ\u00e9 pr\u00e8s du village de Kournas, \u00e0 2,5\u00a0km au sud-est de la plage de Georgioupolis, \u00e0 43\u00a0km \u00e0 l\u2019est de La Can\u00e9e et \u00e0 20\u00a0km \u00e0 l\u2019ouest de R\u00e9thymnon. Le lac Kournas et ses environs constituent un \u00e9cosyst\u00e8me tr\u00e8s important pour la Gr\u00e8ce.\nSon nom proviendrait du mot arabe Kurana pour le \u00ab\u2009lac\u2009\u00bb et le \u00ab\u2009bain\u2009\u00bb. Dans les textes anciens, il est appel\u00e9 Korissia, alors qu\u2019il aurait exist\u00e9 pr\u00e8s du sanctuaire d\u2019Ath\u00e9na Korissia.\nLe lac a \u00e9t\u00e9 cr\u00e9\u00e9 par l\u2019accumulation d\u2019eaux souterraines provenant des Montagnes Blanches. L\u2019eau jaillit d\u2019une source appel\u00e9e Amati ou Mati (qui signifie \u00ab\u2009\u0153il\u2009\u00bb), qui se trouve au-dessus de la surface du lac pendant les mois d\u2019\u00e9t\u00e9, tandis qu\u2019elle est cach\u00e9e sous la surface pendant l\u2019hiver. Il existe une deuxi\u00e8me source, qui se trouve toujours sous la surface.\nLe lac de Kournas et ses environs constituent un \u00e9cosyst\u00e8me tr\u00e8s important pour la Gr\u00e8ce. Kournas est l\u2019une des rares r\u00e9gions de Cr\u00e8te o\u00f9 l\u2019eau douce est stock\u00e9e en abondance tout au long de l\u2019ann\u00e9e. Pour cette raison, il est prot\u00e9g\u00e9 dans le cadre du programme Natura\u00a02000. Le lac est entour\u00e9 d\u2019une v\u00e9g\u00e9tation luxuriante compos\u00e9e de plantes et d\u2019arbres aquatiques rares. La couleur sombre de l\u2019eau est caus\u00e9e par les algues. De nombreuses esp\u00e8ces d\u2019oiseaux y trouvent refuge, comme les landes, les canards, les h\u00e9rons et les cormorans. Le lac a toujours \u00e9t\u00e9 connu pour ses anguilles. Cette zone humide accueille \u00e9galement des serpents d\u2019eau et des terrapins. Surtout pour les terrapins, un type rare de terrapin vit ici (Malaclemys terrapin) avec des taches sur sa coquille.\nLe lac de Kournas est une destination pr\u00e9f\u00e9r\u00e9e des visiteurs de Cr\u00e8te et des habitants. C\u2019est un endroit id\u00e9al pour se d\u00e9tendre et se promener. En \u00e9t\u00e9, une promenade autour du lac turquoise dure moins d\u2019une heure (3,5\u00a0km). D\u2019un c\u00f4t\u00e9 du lac, il y a des caf\u00e9s et des restaurants qui surplombent le lac. \u00c0 c\u00f4t\u00e9 des caf\u00e9s, de petites plages de sable blanc se forment pendant l\u2019\u00e9t\u00e9, lorsque la surface de l\u2019eau atteint des niveaux inf\u00e9rieurs. Les visiteurs peuvent nager sur ces plages et louer des parasols. De plus, les visiteurs pouvaient p\u00e9daler ou faire du kayak dans le lac. C\u2019est un choix id\u00e9al pour l\u2019apr\u00e8s-midi, lorsque la couleur de l\u2019eau est belle et que le lac est tr\u00e8s calme.\t\t\t\t\t\t<\/div>\n\t\t\t\t<\/div>\n\t\t\t\t\t<\/div>\n\t\t<\/div>\n\t\t\t\t\t\t\t<\/div>\n\t\t<\/section>\n\t\t\t\t<section class=\"elementor-section elementor-top-section elementor-element elementor-element-5135b50 elementor-section-content-top elementor-reverse-tablet elementor-reverse-mobile elementor-section-boxed elementor-section-height-default elementor-section-height-default\" data-id=\"5135b50\" data-element_type=\"section\">\n\t\t\t\t\t\t<div class=\"elementor-container elementor-column-gap-no\">\n\t\t\t\t\t<div class=\"elementor-column elementor-col-50 elementor-top-column elementor-element elementor-element-3c31c66 vh-dest-txt-col\" data-id=\"3c31c66\" data-element_type=\"column\">\n\t\t\t<div class=\"elementor-widget-wrap elementor-element-populated\">\n\t\t\t\t\t\t\t\t<div class=\"elementor-element elementor-element-29e1928 elementor-widget elementor-widget-heading\" data-id=\"29e1928\" data-element_type=\"widget\" data-widget_type=\"heading.default\">\n\t\t\t\t<div class=\"elementor-widget-container\">\n\t\t\t<h2 class=\"elementor-heading-title elementor-size-default\">TOMBEAUX DE VENIZ\u00c9LOS<\/h2>\t\t<\/div>\n\t\t\t\t<\/div>\n\t\t\t\t<div class=\"elementor-element elementor-element-2baab27 vh-dest-txt elementor-widget elementor-widget-text-editor\" data-id=\"2baab27\" data-element_type=\"widget\" data-widget_type=\"text-editor.default\">\n\t\t\t\t<div class=\"elementor-widget-container\">\n\t\t\t\t\t\t\t<p>L\u2019un des endroits les plus populaires offrant une vue panoramique sur La Can\u00e9e est les tombes de Veniz\u00e9los, \u00e0 quelques kilom\u00e8tres \u00e0 l\u2019est de la ville, sur la route d\u2019Akrotiri et de l\u2019a\u00e9roport, sur la colline du proph\u00e8te \u00c9lie. Voici les tombes du charismatique politicien grec \u2013 et sept fois Premier ministre de Gr\u00e8ce \u2013 Eleftherios Venizelos et de son fils Sophocles Venizelos, qui a \u00e9galement \u00e9t\u00e9 Premier ministre de Gr\u00e8ce de 1943 \u00e0 1952. Les deux tombes de Venizelos, situ\u00e9es au milieu d\u2019un magnifique parc avec jardins, trottoirs, escaliers et bancs, \u00e0 l\u2019ombre des pins, tandis que la magnifique beaut\u00e9 de la r\u00e9gion est la mer bleue et les vues panoramiques sur La Can\u00e9e et les environs.<br \/>Au m\u00eame moment, il y a la petite \u00e9glise du proph\u00e8te Elias et la statue de Spiros Kayaledakis ou Kayale qui, le 9 f\u00e9vrier 1897 (R\u00e9volution de 1897), lors du grand bombardement des rebelles des Grandes Puissances, fit de son corps un m\u00e2t de drapeau pour hisser le drapeau grec que les boulets de canon du navire avaient jet\u00e9 au sol.<\/p>\t\t\t\t\t\t<\/div>\n\t\t\t\t<\/div>\n\t\t\t\t\t<\/div>\n\t\t<\/div>\n\t\t\t\t<div class=\"elementor-column elementor-col-50 elementor-top-column elementor-element elementor-element-0d9f7a1\" data-id=\"0d9f7a1\" data-element_type=\"column\">\n\t\t\t<div class=\"elementor-widget-wrap elementor-element-populated\">\n\t\t\t\t\t\t\t\t<div class=\"elementor-element elementor-element-ba839d3 vh-dest-img elementor-widget elementor-widget-image\" data-id=\"ba839d3\" data-element_type=\"widget\" data-widget_type=\"image.default\">\n\t\t\t\t<div class=\"elementor-widget-container\">\n\t\t\t\t\t\t\t\t\t\t\t\t\t\t\t<img loading=\"lazy\" decoding=\"async\" width=\"800\" height=\"522\" src=\"https:\/\/www.verginahotelcrete.gr\/wp-content\/uploads\/2023\/02\/vvenizelos.jpg\" class=\"attachment-large size-large wp-image-9514\" alt=\"\" srcset=\"https:\/\/www.verginahotelcrete.gr\/wp-content\/uploads\/2023\/02\/vvenizelos.jpg 950w, https:\/\/www.verginahotelcrete.gr\/wp-content\/uploads\/2023\/02\/vvenizelos-300x196.jpg 300w, https:\/\/www.verginahotelcrete.gr\/wp-content\/uploads\/2023\/02\/vvenizelos-768x501.jpg 768w\" sizes=\"auto, (max-width: 800px) 100vw, 800px\" \/>\t\t\t\t\t\t\t\t\t\t\t\t\t\t\t<\/div>\n\t\t\t\t<\/div>\n\t\t\t\t\t<\/div>\n\t\t<\/div>\n\t\t\t\t\t\t\t<\/div>\n\t\t<\/section>\n\t\t\t\t<section class=\"elementor-section elementor-top-section elementor-element elementor-element-cd67a38 elementor-section-content-top elementor-section-boxed elementor-section-height-default elementor-section-height-default\" data-id=\"cd67a38\" data-element_type=\"section\">\n\t\t\t\t\t\t<div class=\"elementor-container elementor-column-gap-no\">\n\t\t\t\t\t<div class=\"elementor-column elementor-col-50 elementor-top-column elementor-element elementor-element-2aa84ae\" data-id=\"2aa84ae\" data-element_type=\"column\">\n\t\t\t<div class=\"elementor-widget-wrap elementor-element-populated\">\n\t\t\t\t\t\t\t\t<div class=\"elementor-element elementor-element-feeb7e3 vh-dest-img elementor-widget elementor-widget-image\" data-id=\"feeb7e3\" data-element_type=\"widget\" data-widget_type=\"image.default\">\n\t\t\t\t<div class=\"elementor-widget-container\">\n\t\t\t\t\t\t\t\t\t\t\t\t\t\t\t<img loading=\"lazy\" decoding=\"async\" width=\"800\" height=\"522\" src=\"https:\/\/www.verginahotelcrete.gr\/wp-content\/uploads\/2023\/02\/vgardens.jpg\" class=\"attachment-large size-large wp-image-9502\" alt=\"\" srcset=\"https:\/\/www.verginahotelcrete.gr\/wp-content\/uploads\/2023\/02\/vgardens.jpg 950w, https:\/\/www.verginahotelcrete.gr\/wp-content\/uploads\/2023\/02\/vgardens-300x196.jpg 300w, https:\/\/www.verginahotelcrete.gr\/wp-content\/uploads\/2023\/02\/vgardens-768x501.jpg 768w\" sizes=\"auto, (max-width: 800px) 100vw, 800px\" \/>\t\t\t\t\t\t\t\t\t\t\t\t\t\t\t<\/div>\n\t\t\t\t<\/div>\n\t\t\t\t\t<\/div>\n\t\t<\/div>\n\t\t\t\t<div class=\"elementor-column elementor-col-50 elementor-top-column elementor-element elementor-element-af0af2f vh-dest-txt-col\" data-id=\"af0af2f\" data-element_type=\"column\">\n\t\t\t<div class=\"elementor-widget-wrap elementor-element-populated\">\n\t\t\t\t\t\t\t\t<div class=\"elementor-element elementor-element-c9c5353 elementor-widget elementor-widget-heading\" data-id=\"c9c5353\" data-element_type=\"widget\" data-widget_type=\"heading.default\">\n\t\t\t\t<div class=\"elementor-widget-container\">\n\t\t\t<h2 class=\"elementor-heading-title elementor-size-default\">JARDINS BOTANIQUES<\/h2>\t\t<\/div>\n\t\t\t\t<\/div>\n\t\t\t\t<div class=\"elementor-element elementor-element-9be80bf vh-dest-txt elementor-widget elementor-widget-text-editor\" data-id=\"9be80bf\" data-element_type=\"widget\" data-widget_type=\"text-editor.default\">\n\t\t\t\t<div class=\"elementor-widget-container\">\n\t\t\t\t\t\t\tSe promener dans le parc botanique et les jardins de Cr\u00e8te offre une tranquillit\u00e9 spirituelle et un plaisir visuel en plus des connaissances sur les plantes et leur mat\u00e9riel unique en Europe.\nLe site le plus r\u00e9cent et l\u2019un des plus int\u00e9ressants de la pr\u00e9fecture de La Can\u00e9e, se trouve \u00e0 seulement 18 kilom\u00e8tres de la ville, aux pieds des Montagnes Blanches. Un parc p\u00e9destre, \u00e9ducatif et de divertissement unique en son genre en Cr\u00e8te \u2013 en attendant que petits et grands, locaux et \u00e9trangers, se familiarisent avec les plus de 150 esp\u00e8ces d\u2019arbres fruitiers ainsi que les dizaines d\u2019herbes, de plantes m\u00e9dicinales et ornementales qu\u2019il abrite, tout en profitant de leur promenade dans un environnement naturel luxuriant. Le secret pour profiter au maximum de votre visite est de vous promener dans les sentiers du parc botanique lentement et tranquillement, en faisant de nombreux arr\u00eats pour vous reposer dans les diff\u00e9rents points de repos appropri\u00e9s disponibles. Ainsi, vous aurez l\u2019occasion d\u2019appr\u00e9cier vraiment la beaut\u00e9 que vous rencontrerez.\nLe paysage ici est compos\u00e9 d\u2019\u00e9chantillons rares de la flore et de la faune locales, ainsi que d\u2019esp\u00e8ces tropicales et subtropicales du monde entier, avec de nouveaux \u00e9chantillons ajout\u00e9s quotidiennement, changeant l\u2019apparence du parc botanique. Le paysage luxuriant est compl\u00e9t\u00e9 par le lac dans la partie inf\u00e9rieure de la partie, offrant h\u00e9bergement et protection aux canards, oies et autres oiseaux aquatiques (et esp\u00e8ces rares), m\u00eame aux faucons qui volent dans la r\u00e9gion.\t\t\t\t\t\t<\/div>\n\t\t\t\t<\/div>\n\t\t\t\t\t<\/div>\n\t\t<\/div>\n\t\t\t\t\t\t\t<\/div>\n\t\t<\/section>\n\t\t\t\t<section class=\"elementor-section elementor-top-section elementor-element elementor-element-ed29f51 elementor-section-content-top elementor-reverse-tablet elementor-reverse-mobile elementor-section-boxed elementor-section-height-default elementor-section-height-default\" data-id=\"ed29f51\" data-element_type=\"section\">\n\t\t\t\t\t\t<div class=\"elementor-container elementor-column-gap-no\">\n\t\t\t\t\t<div class=\"elementor-column elementor-col-50 elementor-top-column elementor-element elementor-element-97377d6 vh-dest-txt-col\" data-id=\"97377d6\" data-element_type=\"column\">\n\t\t\t<div class=\"elementor-widget-wrap elementor-element-populated\">\n\t\t\t\t\t\t\t\t<div class=\"elementor-element elementor-element-ae0c27a elementor-widget elementor-widget-heading\" data-id=\"ae0c27a\" data-element_type=\"widget\" data-widget_type=\"heading.default\">\n\t\t\t\t<div class=\"elementor-widget-container\">\n\t\t\t<h2 class=\"elementor-heading-title elementor-size-default\">MUS\u00c9E DE LA MARINE<\/h2>\t\t<\/div>\n\t\t\t\t<\/div>\n\t\t\t\t<div class=\"elementor-element elementor-element-4d190ae vh-dest-txt elementor-widget elementor-widget-text-editor\" data-id=\"4d190ae\" data-element_type=\"widget\" data-widget_type=\"text-editor.default\">\n\t\t\t\t<div class=\"elementor-widget-container\">\n\t\t\t\t\t\t\t<p>\u00c0 l\u2019entr\u00e9e du port de La Can\u00e9e se trouve la forteresse de Firka, construite par les V\u00e9nitiens (1204-1669) pour installer le poste de garde local. Par la suite, les Ottomans (1669-1898) utilis\u00e8rent la forteresse dans le m\u00eame but et \u00e9tablirent la division de commandement. Depuis lors, le nom \u00ab\u2009Firka\u2009\u00bb, qui signifie \u00ab\u2009caserne\u2009\u00bb en turc ottoman, demeure. Ici, \u00e0 partir du 1er d\u00e9cembre 1913, le drapeau grec a \u00e9t\u00e9 hiss\u00e9 fi\u00e8rement ratifiant l\u2019annexion de la Cr\u00e8te \u00e0 la Gr\u00e8ce. \u00c0 l\u2019entr\u00e9e de cette forteresse se trouve le mus\u00e9e naval de Cr\u00e8te, qui a \u00e9t\u00e9 fond\u00e9 pour abriter et pr\u00e9server nos traditions navales et en particulier celles de Cr\u00e8te, qui \u00e9taient une source de survie nationale, de progr\u00e8s et de majest\u00e9 du pays. Il est promu par la marine et fonctionne avec le service impeccable de la pr\u00e9fecture de La Can\u00e9e, de la municipalit\u00e9 de La Can\u00e9e et du chantier naval de Cr\u00e8te.<\/p>\t\t\t\t\t\t<\/div>\n\t\t\t\t<\/div>\n\t\t\t\t\t<\/div>\n\t\t<\/div>\n\t\t\t\t<div class=\"elementor-column elementor-col-50 elementor-top-column elementor-element elementor-element-21f3558\" data-id=\"21f3558\" data-element_type=\"column\">\n\t\t\t<div class=\"elementor-widget-wrap elementor-element-populated\">\n\t\t\t\t\t\t\t\t<div class=\"elementor-element elementor-element-424b025 vh-dest-img elementor-widget elementor-widget-image\" data-id=\"424b025\" data-element_type=\"widget\" data-widget_type=\"image.default\">\n\t\t\t\t<div class=\"elementor-widget-container\">\n\t\t\t\t\t\t\t\t\t\t\t\t\t\t\t<img loading=\"lazy\" decoding=\"async\" width=\"800\" height=\"522\" src=\"https:\/\/www.verginahotelcrete.gr\/wp-content\/uploads\/2023\/02\/vnavalmuseum.jpg\" class=\"attachment-large size-large wp-image-9506\" alt=\"\" srcset=\"https:\/\/www.verginahotelcrete.gr\/wp-content\/uploads\/2023\/02\/vnavalmuseum.jpg 950w, https:\/\/www.verginahotelcrete.gr\/wp-content\/uploads\/2023\/02\/vnavalmuseum-300x196.jpg 300w, https:\/\/www.verginahotelcrete.gr\/wp-content\/uploads\/2023\/02\/vnavalmuseum-768x501.jpg 768w\" sizes=\"auto, (max-width: 800px) 100vw, 800px\" \/>\t\t\t\t\t\t\t\t\t\t\t\t\t\t\t<\/div>\n\t\t\t\t<\/div>\n\t\t\t\t\t<\/div>\n\t\t<\/div>\n\t\t\t\t\t\t\t<\/div>\n\t\t<\/section>\n\t\t\t\t<section class=\"elementor-section elementor-top-section elementor-element elementor-element-2fab66c elementor-section-content-top elementor-section-boxed elementor-section-height-default elementor-section-height-default\" data-id=\"2fab66c\" data-element_type=\"section\">\n\t\t\t\t\t\t<div class=\"elementor-container elementor-column-gap-no\">\n\t\t\t\t\t<div class=\"elementor-column elementor-col-50 elementor-top-column elementor-element elementor-element-7ab8c97\" data-id=\"7ab8c97\" data-element_type=\"column\">\n\t\t\t<div class=\"elementor-widget-wrap elementor-element-populated\">\n\t\t\t\t\t\t\t\t<div class=\"elementor-element elementor-element-66be626 vh-dest-img elementor-widget elementor-widget-image\" data-id=\"66be626\" data-element_type=\"widget\" data-widget_type=\"image.default\">\n\t\t\t\t<div class=\"elementor-widget-container\">\n\t\t\t\t\t\t\t\t\t\t\t\t\t\t\t<img loading=\"lazy\" decoding=\"async\" width=\"800\" height=\"522\" src=\"https:\/\/www.verginahotelcrete.gr\/wp-content\/uploads\/2023\/02\/vseitanlimania.jpg\" class=\"attachment-large size-large wp-image-9510\" alt=\"\" srcset=\"https:\/\/www.verginahotelcrete.gr\/wp-content\/uploads\/2023\/02\/vseitanlimania.jpg 950w, https:\/\/www.verginahotelcrete.gr\/wp-content\/uploads\/2023\/02\/vseitanlimania-300x196.jpg 300w, https:\/\/www.verginahotelcrete.gr\/wp-content\/uploads\/2023\/02\/vseitanlimania-768x501.jpg 768w\" sizes=\"auto, (max-width: 800px) 100vw, 800px\" \/>\t\t\t\t\t\t\t\t\t\t\t\t\t\t\t<\/div>\n\t\t\t\t<\/div>\n\t\t\t\t\t<\/div>\n\t\t<\/div>\n\t\t\t\t<div class=\"elementor-column elementor-col-50 elementor-top-column elementor-element elementor-element-b967974 vh-dest-txt-col\" data-id=\"b967974\" data-element_type=\"column\">\n\t\t\t<div class=\"elementor-widget-wrap elementor-element-populated\">\n\t\t\t\t\t\t\t\t<div class=\"elementor-element elementor-element-b8b3c6c elementor-widget elementor-widget-heading\" data-id=\"b8b3c6c\" data-element_type=\"widget\" data-widget_type=\"heading.default\">\n\t\t\t\t<div class=\"elementor-widget-container\">\n\t\t\t<h2 class=\"elementor-heading-title elementor-size-default\">PLAGE DE STEFANOU \u2013 SEITAN LIMANIA<\/h2>\t\t<\/div>\n\t\t\t\t<\/div>\n\t\t\t\t<div class=\"elementor-element elementor-element-ffb797f vh-dest-txt elementor-widget elementor-widget-text-editor\" data-id=\"ffb797f\" data-element_type=\"widget\" data-widget_type=\"text-editor.default\">\n\t\t\t\t<div class=\"elementor-widget-container\">\n\t\t\t\t\t\t\tLa plage de Stephanou est situ\u00e9e \u00e0 c\u00f4t\u00e9 du port de Seitan, \u00e0 22\u00a0km au nord-est de La Can\u00e9e et \u00e0 2\u00a0km \u00e0 l\u2019est du village de Chordaki, du c\u00f4t\u00e9 est d\u2019Akrotiri, La Can\u00e9e. Le nom Seitan Ports signifie \u00ab\u2009ports maudits\u2009\u00bb en turc et vient du fait que les eaux et les ruisseaux de la r\u00e9gion sont dangereux. \u00c0 c\u00f4t\u00e9, il y a trois baies \u00e9troites parall\u00e8les, tr\u00e8s bien prot\u00e9g\u00e9es des vagues.\nDans le paysage sauvage avec ses rochers verdoyants et sa beaut\u00e9 sauvage, la petite plage en pente raide de Stefanou avec ses eaux d\u2019un bleu profond, c\u2019est l\u2019\u00e9merveillement. La plage est constitu\u00e9e de gravier et de sable, qui sont transport\u00e9s depuis les carri\u00e8res voisines \u00e0 travers la gorge de Diplochachalo.\nVous pouvez visiter la plage en voiture de tourisme, que vous stationnez en hauteur, pr\u00e8s de l\u2019\u00e9glise Saint Spyridon. De l\u00e0, un sentier court, mais tr\u00e8s raide descend vers la plage en environ 5&prime;-10&prime; minutes. Pour descendre, assurez-vous d\u2019avoir des chaussures de sport avec vous et de ne jamais porter de pantoufles. Depuis la route asphalt\u00e9e menant \u00e0 la plage, la r\u00e9putation de Stephanou a grandi, et c\u2019est une visite incontournable.\t\t\t\t\t\t<\/div>\n\t\t\t\t<\/div>\n\t\t\t\t\t<\/div>\n\t\t<\/div>\n\t\t\t\t\t\t\t<\/div>\n\t\t<\/section>\n\t\t\t\t<section class=\"elementor-section elementor-top-section elementor-element elementor-element-156b1af elementor-section-content-top elementor-reverse-tablet elementor-reverse-mobile elementor-section-boxed elementor-section-height-default elementor-section-height-default\" data-id=\"156b1af\" data-element_type=\"section\">\n\t\t\t\t\t\t<div class=\"elementor-container elementor-column-gap-no\">\n\t\t\t\t\t<div class=\"elementor-column elementor-col-50 elementor-top-column elementor-element elementor-element-a7242c8 vh-dest-txt-col\" data-id=\"a7242c8\" data-element_type=\"column\">\n\t\t\t<div class=\"elementor-widget-wrap elementor-element-populated\">\n\t\t\t\t\t\t\t\t<div class=\"elementor-element elementor-element-df8bf6d elementor-widget elementor-widget-heading\" data-id=\"df8bf6d\" data-element_type=\"widget\" data-widget_type=\"heading.default\">\n\t\t\t\t<div class=\"elementor-widget-container\">\n\t\t\t<h2 class=\"elementor-heading-title elementor-size-default\">LA CATH\u00c9DRALE DE LA VIERGE MARIE<\/h2>\t\t<\/div>\n\t\t\t\t<\/div>\n\t\t\t\t<div class=\"elementor-element elementor-element-4bbc6c6 vh-dest-txt elementor-widget elementor-widget-text-editor\" data-id=\"4bbc6c6\" data-element_type=\"widget\" data-widget_type=\"text-editor.default\">\n\t\t\t\t<div class=\"elementor-widget-container\">\n\t\t\t\t\t\t\tLa Panagia Trimartiri est consid\u00e9r\u00e9e comme la protectrice de la ville de La Can\u00e9e. L\u2019all\u00e9e centrale est d\u00e9di\u00e9e \u00e0 la Pr\u00e9sentation de la Vierge Marie (Isodia tis Theotokou), qui est c\u00e9l\u00e9br\u00e9e le 21 novembre. L\u2019all\u00e9e nord-est d\u00e9di\u00e9e \u00e0 Saint-Nicolas (Agios Nikolaos) et l\u2019all\u00e9e sud aux Trois P\u00e8res de Cappadoce (Tris Ierarhes). L\u2019\u00e9glise est construite sur le site d\u2019une \u00e9glise ant\u00e9rieure, qui aurait exist\u00e9 ici depuis le XIVe si\u00e8cle. Plus tard, avec la conqu\u00eate de la ville par les Turcs, en 1645, l\u2019\u00e9glise a \u00e9t\u00e9 transform\u00e9e en savonnerie en l\u2019\u00e9tat, sans modification de la disposition.\n\u00c0 partir de l\u00e0, son histoire s\u2019est m\u00eal\u00e9e aux l\u00e9gendes locales. Selon la tradition, l\u2019usine de savon a \u00e9chou\u00e9 \u00e0 un moment donn\u00e9 et Mustafa Pacha, qui \u00e9tait le Premier ministre de l\u2019\u00e9poque, a c\u00e9d\u00e9 le b\u00e2timent \u00e0 la communaut\u00e9 chr\u00e9tienne de la ville. La l\u00e9gende raconte que Mustafa Pacha a pris cette d\u00e9cision lorsque son enfant, qui \u00e9tait tomb\u00e9 dans un puits \u00e0 proximit\u00e9, a \u00e9t\u00e9 sauv\u00e9 avec l\u2019aide de la Vierge Marie.\nLa construction de l\u2019\u00e9glise fut achev\u00e9e en 1860, aboutissant au b\u00e2timent que nous voyons aujourd\u2019hui\u00a0: une basilique \u00e0 trois nefs avec une nef centrale sur\u00e9lev\u00e9e et de nombreux \u00e9l\u00e9ments architecturaux d\u2019influence v\u00e9nitienne, tels que des colonnes carr\u00e9es sculpt\u00e9es, des corniches, etc. Ensuite, l\u2019ic\u00f4ne de la Pr\u00e9sentation de la Vierge Marie, qui avait \u00e9t\u00e9 emport\u00e9e par le dernier ouvrier de la fabrique de savon, a \u00e9t\u00e9 restitu\u00e9e \u00e0 l\u2019\u00e9glise.\nL\u2019histoire de l\u2019\u00e9glise Panagia Trimartiri est li\u00e9e \u00e0 l\u2019histoire de la ville elle-m\u00eame. Elle a \u00e9t\u00e9 fr\u00e9quemment utilis\u00e9e comme lieu de refuge et a subi de nombreux dommages lors de la r\u00e9volte cr\u00e9toise de 1897. Sa r\u00e9novation a \u00e9t\u00e9 entreprise par le tsar de Russie, et le clocher a \u00e9galement \u00e9t\u00e9 construit gr\u00e2ce \u00e0 sa donation. Trimartiri a \u00e9galement subi de nombreux d\u00e9g\u00e2ts lors du bombardement de La Can\u00e9e en mai 1941.\t\t\t\t\t\t<\/div>\n\t\t\t\t<\/div>\n\t\t\t\t\t<\/div>\n\t\t<\/div>\n\t\t\t\t<div class=\"elementor-column elementor-col-50 elementor-top-column elementor-element elementor-element-608923e\" data-id=\"608923e\" data-element_type=\"column\">\n\t\t\t<div class=\"elementor-widget-wrap elementor-element-populated\">\n\t\t\t\t\t\t\t\t<div class=\"elementor-element elementor-element-2860840 vh-dest-img elementor-widget elementor-widget-image\" data-id=\"2860840\" data-element_type=\"widget\" data-widget_type=\"image.default\">\n\t\t\t\t<div class=\"elementor-widget-container\">\n\t\t\t\t\t\t\t\t\t\t\t\t\t\t\t<img loading=\"lazy\" decoding=\"async\" width=\"800\" height=\"522\" src=\"https:\/\/www.verginahotelcrete.gr\/wp-content\/uploads\/2023\/02\/vcathedral.jpg\" class=\"attachment-large size-large wp-image-9492\" alt=\"\" srcset=\"https:\/\/www.verginahotelcrete.gr\/wp-content\/uploads\/2023\/02\/vcathedral.jpg 950w, https:\/\/www.verginahotelcrete.gr\/wp-content\/uploads\/2023\/02\/vcathedral-300x196.jpg 300w, https:\/\/www.verginahotelcrete.gr\/wp-content\/uploads\/2023\/02\/vcathedral-768x501.jpg 768w\" sizes=\"auto, (max-width: 800px) 100vw, 800px\" \/>\t\t\t\t\t\t\t\t\t\t\t\t\t\t\t<\/div>\n\t\t\t\t<\/div>\n\t\t\t\t\t<\/div>\n\t\t<\/div>\n\t\t\t\t\t\t\t<\/div>\n\t\t<\/section>\n\t\t\t\t<section class=\"elementor-section elementor-top-section elementor-element elementor-element-aade135 elementor-section-content-top elementor-section-boxed elementor-section-height-default elementor-section-height-default\" data-id=\"aade135\" data-element_type=\"section\">\n\t\t\t\t\t\t<div class=\"elementor-container elementor-column-gap-no\">\n\t\t\t\t\t<div class=\"elementor-column elementor-col-50 elementor-top-column elementor-element elementor-element-0034c70\" data-id=\"0034c70\" data-element_type=\"column\">\n\t\t\t<div class=\"elementor-widget-wrap elementor-element-populated\">\n\t\t\t\t\t\t\t\t<div class=\"elementor-element elementor-element-cdb81cc vh-dest-img elementor-widget elementor-widget-image\" data-id=\"cdb81cc\" data-element_type=\"widget\" data-widget_type=\"image.default\">\n\t\t\t\t<div class=\"elementor-widget-container\">\n\t\t\t\t\t\t\t\t\t\t\t\t\t\t\t<img loading=\"lazy\" decoding=\"async\" width=\"800\" height=\"522\" src=\"https:\/\/www.verginahotelcrete.gr\/wp-content\/uploads\/2023\/02\/vsamaria.jpg\" class=\"attachment-large size-large wp-image-9508\" alt=\"\" srcset=\"https:\/\/www.verginahotelcrete.gr\/wp-content\/uploads\/2023\/02\/vsamaria.jpg 950w, https:\/\/www.verginahotelcrete.gr\/wp-content\/uploads\/2023\/02\/vsamaria-300x196.jpg 300w, https:\/\/www.verginahotelcrete.gr\/wp-content\/uploads\/2023\/02\/vsamaria-768x501.jpg 768w\" sizes=\"auto, (max-width: 800px) 100vw, 800px\" \/>\t\t\t\t\t\t\t\t\t\t\t\t\t\t\t<\/div>\n\t\t\t\t<\/div>\n\t\t\t\t\t<\/div>\n\t\t<\/div>\n\t\t\t\t<div class=\"elementor-column elementor-col-50 elementor-top-column elementor-element elementor-element-a56e64d vh-dest-txt-col\" data-id=\"a56e64d\" data-element_type=\"column\">\n\t\t\t<div class=\"elementor-widget-wrap elementor-element-populated\">\n\t\t\t\t\t\t\t\t<div class=\"elementor-element elementor-element-ab24538 elementor-widget elementor-widget-heading\" data-id=\"ab24538\" data-element_type=\"widget\" data-widget_type=\"heading.default\">\n\t\t\t\t<div class=\"elementor-widget-container\">\n\t\t\t<h2 class=\"elementor-heading-title elementor-size-default\">GORGE DE SAMARIA<\/h2>\t\t<\/div>\n\t\t\t\t<\/div>\n\t\t\t\t<div class=\"elementor-element elementor-element-38ef6a6 vh-dest-txt elementor-widget elementor-widget-text-editor\" data-id=\"38ef6a6\" data-element_type=\"widget\" data-widget_type=\"text-editor.default\">\n\t\t\t\t<div class=\"elementor-widget-container\">\n\t\t\t\t\t\t\tLes gorges de Samaria sont situ\u00e9es dans le parc national de Samaria, dans les montagnes blanches de l\u2019ouest de la Cr\u00e8te. Cette gorge majestueuse est consid\u00e9r\u00e9e comme l\u2019une des plus grandes attractions de Cr\u00e8te et est \u00e0 visiter absolument. Il s\u2019agit d\u2019une longue marche (5 \u00e0 7 heures) sur un terrain accident\u00e9. Il est donc n\u00e9cessaire d\u2019avoir un certain niveau de forme physique et d\u2019exp\u00e9rience de la marche pour en profiter.\nLe parc national des Montagnes Blanches est le seul parc national de Cr\u00e8te. Il s\u2019articule autour des gorges de Samaria, \u00e0 une altitude de 1\u2009200\u00a0m, et se poursuit jusqu\u2019\u00e0 Ayia Roum\u00e9li, sur les rives de la mer M\u00e9diterran\u00e9e. Avec les pentes environnantes et un certain nombre de gorges plus petites qui en d\u00e9coulent, les gorges de Samari\u00e1 forment l\u2019ensemble de la zone d\u00e9sign\u00e9e comme parc national, un statut qui offre une protection \u00e0 plus de 450 esp\u00e8ces de plantes et d\u2019animaux, dont 70 sont end\u00e9miques \u00e0 la Cr\u00e8te. Dans la pr\u00e9fecture de La Can\u00e9e (\u00e9galement \u00e9crite \u00ab\u2009Hania\u2009\u00bb), les gorges de Samaria sont les plus longues d\u2019Europe (16\u00a0km de long) et l\u2019une des plus impressionnantes de Gr\u00e8ce. Elle commence \u00e0 Xyl\u00f3skalo, \u00e0 une altitude de 1\u2009230 m\u00e8tres. La largeur de la gorge est de 150\u00a0m \u00e0 son point le plus large et de 3\u00a0m \u00e0 son point le plus \u00e9troit.\n\u2022 Voici une br\u00e8ve carte de randonn\u00e9e\u00a0:\nEn descendant la colline, vous rencontrerez l\u2019\u00e9glise Saint-Nicolas, construite sur les ruines d\u2019un ancien temple. \u00c0 mi-chemin de la gorge se trouve le vieux village de Samarie\u2009; ses quelques maisons sont maintenant utilis\u00e9es par les gardes du parc. \u00c9tanchez votre soif avec l\u2019eau de montagne qui coule des sources de la gorge. Continuez de marcher. \u00c0 un moment donn\u00e9, vous atteindrez P\u00f3rtes (\u00e9galement appel\u00e9e \u00ab\u2009Portes de fer\u2009\u00bb), les trois passages les plus \u00e9troits de la gorge. Les falaises abruptes ici s\u2019\u00e9l\u00e8vent jusqu\u2019\u00e0 500\u00a0m au-dessus du niveau de la mer. Cet itin\u00e9raire passe \u00e9galement devant des ch\u00e2teaux v\u00e9nitiens et des ruines de colonies pr\u00e9historiques ainsi que des vestiges de nombreuses autres p\u00e9riodes historiques. Pendant que vous marchez, vous pourriez avoir l\u2019impression que quelqu\u2019un d\u2019autre vous observe\u00a0: la pr\u00e9sence des ch\u00e8vres sauvages cr\u00e9toises, connues sous le nom de \u00ab\u2009kri kri\u2009\u00bb, rendra certainement cette route particuli\u00e8rement excitante\u2009!\n\u2022 La randonn\u00e9e se termine \u00e0 Ayia Roum\u00e9li, o\u00f9 vous pouvez prendre le ferry pour H\u00f3ra Sfakion.\n\u2022 Ayia Roum\u00e9li\nAyia Roum\u00e9li est un petit village c\u00f4tier que vous atteignez apr\u00e8s avoir travers\u00e9 les gorges de Samaria. De l\u00e0, un service de bateau fr\u00e9quent vous m\u00e8nera directement \u00e0 Loutr\u00f3 et H\u00f3ra Sfakion. L\u2019ancien site grec de T\u00e1ra se trouve sur la colline de gauche (\u00e0 l\u2019est) \u00e0 la sortie de la gorge. De nombreuses d\u00e9couvertes de T\u00e1ra sont conserv\u00e9es au Mus\u00e9e arch\u00e9ologique de La Can\u00e9e. T\u00e1ra a prosp\u00e9r\u00e9 \u00e0 l\u2019\u00e9poque grecque, romaine et byzantine. \u00c0 Ayia Roumeli, vous pouvez \u00e9galement visiter les \u00e9glises byzantines de Panayia, Ayia Triada et Ayios Pavlos, un ch\u00e2teau turc et une plage d\u2019une beaut\u00e9 exceptionnelle.\nPlages \u00e0 proximit\u00e9\u00a0: \u00c0 l\u2019est d\u2019Ayia Roum\u00e9li, d\u00e9couvrez les plages de M\u00e1rmara (\u00e0 la sortie des gorges d\u2019Ar\u00e1daina), les plages sauvages de L\u00fdkos et Finikas et le charmant village de Loutr\u00f3.\t\t\t\t\t\t<\/div>\n\t\t\t\t<\/div>\n\t\t\t\t\t<\/div>\n\t\t<\/div>\n\t\t\t\t\t\t\t<\/div>\n\t\t<\/section>\n\t\t\t\t<section class=\"elementor-section elementor-top-section elementor-element elementor-element-ed2246b elementor-section-content-top elementor-reverse-tablet elementor-reverse-mobile elementor-section-boxed elementor-section-height-default elementor-section-height-default\" data-id=\"ed2246b\" data-element_type=\"section\">\n\t\t\t\t\t\t<div class=\"elementor-container elementor-column-gap-no\">\n\t\t\t\t\t<div class=\"elementor-column elementor-col-50 elementor-top-column elementor-element elementor-element-fc9b95c vh-dest-txt-col\" data-id=\"fc9b95c\" data-element_type=\"column\">\n\t\t\t<div class=\"elementor-widget-wrap elementor-element-populated\">\n\t\t\t\t\t\t\t\t<div class=\"elementor-element elementor-element-07bea62 elementor-widget elementor-widget-heading\" data-id=\"07bea62\" data-element_type=\"widget\" data-widget_type=\"heading.default\">\n\t\t\t\t<div class=\"elementor-widget-container\">\n\t\t\t<h2 class=\"elementor-heading-title elementor-size-default\">Theriso Village<\/h2>\t\t<\/div>\n\t\t\t\t<\/div>\n\t\t\t\t<div class=\"elementor-element elementor-element-c22d407 vh-dest-txt elementor-widget elementor-widget-text-editor\" data-id=\"c22d407\" data-element_type=\"widget\" data-widget_type=\"text-editor.default\">\n\t\t\t\t<div class=\"elementor-widget-container\">\n\t\t\t\t\t\t\tTheriso Village, with its astonishing mountain scenery and gorge, is located at an altitude of 580 meters, at the foothills of the massive Lefka Ori or White Mountain range in the west of Crete. The beautiful gorge with its impressive scenery can be seen from the road as it runs along the bed of the gorge for 6 km, accompanying the tree-lined river and surrounded by the greenery of chestnuts and oaks. Of course the gorge also makes a wonderful walk in the clean mountain air, and is popular with rock climbers and hikers.\nClimbers take the opportunity to start from the village to climb the high peak Pachnes, and experienced many sheer and breath-taking cliff climbs all around. Those less active will enjoy a visit to the gorge, the forest and the nearby Sarakina Cave, 2 km north of the village, with historical finds from the Neolithic, Minoan and Geometric ages evidenced from archaeological explorations.\nThis gorge and village make a wonderful day trip from Chania; visitors can enjoy the many traditional taverns in the small village serving both the famous Cretan lamb and meat dishes as well as plenty of local fresh vegetables.\t\t\t\t\t\t<\/div>\n\t\t\t\t<\/div>\n\t\t\t\t\t<\/div>\n\t\t<\/div>\n\t\t\t\t<div class=\"elementor-column elementor-col-50 elementor-top-column elementor-element elementor-element-a178b6c\" data-id=\"a178b6c\" data-element_type=\"column\">\n\t\t\t<div class=\"elementor-widget-wrap elementor-element-populated\">\n\t\t\t\t\t\t\t\t<div class=\"elementor-element elementor-element-8de523d vh-dest-img elementor-widget elementor-widget-image\" data-id=\"8de523d\" data-element_type=\"widget\" data-widget_type=\"image.default\">\n\t\t\t\t<div class=\"elementor-widget-container\">\n\t\t\t\t\t\t\t\t\t\t\t\t\t\t\t<img loading=\"lazy\" decoding=\"async\" width=\"800\" height=\"522\" src=\"https:\/\/www.verginahotelcrete.gr\/wp-content\/uploads\/2023\/02\/vtheriso.jpg\" class=\"attachment-large size-large wp-image-9512\" alt=\"\" srcset=\"https:\/\/www.verginahotelcrete.gr\/wp-content\/uploads\/2023\/02\/vtheriso.jpg 950w, https:\/\/www.verginahotelcrete.gr\/wp-content\/uploads\/2023\/02\/vtheriso-300x196.jpg 300w, https:\/\/www.verginahotelcrete.gr\/wp-content\/uploads\/2023\/02\/vtheriso-768x501.jpg 768w\" sizes=\"auto, (max-width: 800px) 100vw, 800px\" \/>\t\t\t\t\t\t\t\t\t\t\t\t\t\t\t<\/div>\n\t\t\t\t<\/div>\n\t\t\t\t\t<\/div>\n\t\t<\/div>\n\t\t\t\t\t\t\t<\/div>\n\t\t<\/section>\n\t\t\t\t\t\t\t<\/div>\n\t\t","protected":false},"excerpt":{"rendered":"<p>Elafonissi Cette merveille de la nature est situ\u00e9e dans le coin sud-ouest de La Can\u00e9e. Elle se situe entre une \u00eele et une p\u00e9ninsule, car pour l\u2019atteindre, il faut marcher dans l\u2019eau. C\u2019est un lieu d\u2019une beaut\u00e9 naturelle particuli\u00e8re et une zone prot\u00e9g\u00e9e par Natura. Elafonissi est connue comme un endroit sp\u00e9cial et exotique en [&hellip;]<\/p>\n","protected":false},"author":1,"featured_media":0,"parent":0,"menu_order":0,"comment_status":"open","ping_status":"open","template":"elementor_header_footer","meta":{"_seopress_robots_primary_cat":"","footnotes":""},"class_list":["post-10442","page","type-page","status-publish","hentry"],"acf":[],"_links":{"self":[{"href":"https:\/\/www.verginahotelcrete.gr\/fr\/wp-json\/wp\/v2\/pages\/10442","targetHints":{"allow":["GET"]}}],"collection":[{"href":"https:\/\/www.verginahotelcrete.gr\/fr\/wp-json\/wp\/v2\/pages"}],"about":[{"href":"https:\/\/www.verginahotelcrete.gr\/fr\/wp-json\/wp\/v2\/types\/page"}],"author":[{"embeddable":true,"href":"https:\/\/www.verginahotelcrete.gr\/fr\/wp-json\/wp\/v2\/users\/1"}],"replies":[{"embeddable":true,"href":"https:\/\/www.verginahotelcrete.gr\/fr\/wp-json\/wp\/v2\/comments?post=10442"}],"version-history":[{"count":6,"href":"https:\/\/www.verginahotelcrete.gr\/fr\/wp-json\/wp\/v2\/pages\/10442\/revisions"}],"predecessor-version":[{"id":11405,"href":"https:\/\/www.verginahotelcrete.gr\/fr\/wp-json\/wp\/v2\/pages\/10442\/revisions\/11405"}],"wp:attachment":[{"href":"https:\/\/www.verginahotelcrete.gr\/fr\/wp-json\/wp\/v2\/media?parent=10442"}],"curies":[{"name":"wp","href":"https:\/\/api.w.org\/{rel}","templated":true}]}}